{"id":2784,"date":"2019-12-07T17:18:48","date_gmt":"2019-12-07T19:18:48","guid":{"rendered":"https:\/\/loja.dommodesto.com.br\/?page_id=2784"},"modified":"2020-12-27T17:04:14","modified_gmt":"2020-12-27T20:04:14","slug":"todos-os-produtos","status":"publish","type":"page","link":"https:\/\/www.dommodesto.com.br\/en\/todos-os-produtos\/","title":{"rendered":"Todos os Produtos"},"content":{"rendered":"<div data-elementor-type=\"wp-page\" data-elementor-id=\"2784\" class=\"elementor elementor-2784\" data-elementor-post-type=\"page\">\n\t\t\t\t\t\t<section class=\"elementor-section elementor-top-section elementor-element elementor-element-47e9cda elementor-section-boxed elementor-section-height-default elementor-section-height-default\" data-id=\"47e9cda\" data-element_type=\"section\">\n\t\t\t\t\t\t<div class=\"elementor-container elementor-column-gap-default\">\n\t\t\t\t\t<div class=\"elementor-column elementor-col-100 elementor-top-column elementor-element elementor-element-37a2ff0\" data-id=\"37a2ff0\" data-element_type=\"column\">\n\t\t\t<div class=\"elementor-widget-wrap elementor-element-populated\">\n\t\t\t\t\t\t<div class=\"elementor-element elementor-element-2393fca elementor-grid-3 elementor-grid-tablet-3 elementor-grid-mobile-2 elementor-products-grid elementor-wc-products elementor-show-pagination-border-yes elementor-widget elementor-widget-woocommerce-products\" data-id=\"2393fca\" data-element_type=\"widget\" data-widget_type=\"woocommerce-products.default\">\n\t\t\t\t<div class=\"elementor-widget-container\">\n\t\t\t\t\t<div class=\"woocommerce columns-3\"><div class=\"woocommerce-notices-wrapper\"><\/div><ul class=\"products elementor-grid columns-3\">\n<li class=\"align-center box-shadow-1 box-shadow-3-hover ast-product-gallery-layout-horizontal ast-product-gallery-with-no-image ast-product-tabs-layout-horizontal product type-product post-69289 status-publish first instock product_cat-ciencias-sociais-aplicadas has-post-thumbnail shipping-taxable product-type-simple\">\n\t<a href=\"https:\/\/www.dommodesto.com.br\/en\/product\/politicas-publicas-judiciarias-de-conciliacao-e-mediacao-em-segundo-grau-de-jurisdicao-e-acesso-a-justica-celere\/\" class=\"woocommerce-LoopProduct-link woocommerce-loop-product__link\"><img fetchpriority=\"high\" decoding=\"async\" width=\"500\" height=\"500\" src=\"https:\/\/www.dommodesto.com.br\/wp-content\/uploads\/2026\/04\/Mockup-duplo-500x500.png\" class=\"attachment-woocommerce_thumbnail size-woocommerce_thumbnail\" alt=\"Pol\u00edticas p\u00fablicas judici\u00e1rias de concilia\u00e7\u00e3o e media\u00e7\u00e3o em segundo grau de jurisdi\u00e7\u00e3o e acesso \u00e0 justi\u00e7a c\u00e9lere\" srcset=\"https:\/\/www.dommodesto.com.br\/wp-content\/uploads\/2026\/04\/Mockup-duplo-500x500.png 500w, https:\/\/www.dommodesto.com.br\/wp-content\/uploads\/2026\/04\/Mockup-duplo-300x300.png 300w, https:\/\/www.dommodesto.com.br\/wp-content\/uploads\/2026\/04\/Mockup-duplo-1024x1024.png 1024w, https:\/\/www.dommodesto.com.br\/wp-content\/uploads\/2026\/04\/Mockup-duplo-150x150.png 150w, https:\/\/www.dommodesto.com.br\/wp-content\/uploads\/2026\/04\/Mockup-duplo-768x768.png 768w, https:\/\/www.dommodesto.com.br\/wp-content\/uploads\/2026\/04\/Mockup-duplo-12x12.png 12w, https:\/\/www.dommodesto.com.br\/wp-content\/uploads\/2026\/04\/Mockup-duplo-600x600.png 600w, https:\/\/www.dommodesto.com.br\/wp-content\/uploads\/2026\/04\/Mockup-duplo-100x100.png 100w, https:\/\/www.dommodesto.com.br\/wp-content\/uploads\/2026\/04\/Mockup-duplo.png 1080w\" sizes=\"(max-width: 500px) 100vw, 500px\" \/><h2 class=\"woocommerce-loop-product__title\">Pol\u00edticas p\u00fablicas judici\u00e1rias de concilia\u00e7\u00e3o e media\u00e7\u00e3o em segundo grau de jurisdi\u00e7\u00e3o e acesso \u00e0 justi\u00e7a c\u00e9lere<\/h2>\n<\/a><a href=\"https:\/\/www.dommodesto.com.br\/en\/product\/politicas-publicas-judiciarias-de-conciliacao-e-mediacao-em-segundo-grau-de-jurisdicao-e-acesso-a-justica-celere\/\" aria-describedby=\"woocommerce_loop_add_to_cart_link_describedby_69289\" data-quantity=\"1\" class=\"button product_type_simple\" data-product_id=\"69289\" data-product_sku=\"\" aria-label=\"Read more about \u201cPol\u00edticas p\u00fablicas judici\u00e1rias de concilia\u00e7\u00e3o e media\u00e7\u00e3o em segundo grau de jurisdi\u00e7\u00e3o e acesso \u00e0 justi\u00e7a c\u00e9lere\u201d\" rel=\"nofollow\" data-success_message=\"\" data-no-translation=\"\" data-trp-gettext=\"\" data-no-translation-aria-label=\"\">Read more<\/a>\t<span id=\"woocommerce_loop_add_to_cart_link_describedby_69289\" class=\"screen-reader-text\">\n\t\t\t<\/span>\n<\/li>\n<li class=\"align-center box-shadow-1 box-shadow-3-hover ast-product-gallery-layout-horizontal ast-product-gallery-with-no-image ast-product-tabs-layout-horizontal product type-product post-69266 status-publish instock product_cat-sem-categoria has-post-thumbnail downloadable virtual sold-individually purchasable product-type-simple\">\n\t<a href=\"https:\/\/www.dommodesto.com.br\/en\/product\/mulher-mae-e-perigosa-entrelaces-da-politica-criminal-e-genero-no-brasil\/\" class=\"woocommerce-LoopProduct-link woocommerce-loop-product__link\"><img decoding=\"async\" width=\"500\" height=\"500\" src=\"https:\/\/www.dommodesto.com.br\/wp-content\/uploads\/2026\/04\/RMG1-MOCKUP-500x500.png\" class=\"attachment-woocommerce_thumbnail size-woocommerce_thumbnail\" alt=\"Mulher, m\u00e3e e perigosa? Entrelaces da pol\u00edtica criminal e g\u00eanero no Brasil\" srcset=\"https:\/\/www.dommodesto.com.br\/wp-content\/uploads\/2026\/04\/RMG1-MOCKUP-500x500.png 500w, https:\/\/www.dommodesto.com.br\/wp-content\/uploads\/2026\/04\/RMG1-MOCKUP-300x300.png 300w, https:\/\/www.dommodesto.com.br\/wp-content\/uploads\/2026\/04\/RMG1-MOCKUP-1024x1024.png 1024w, https:\/\/www.dommodesto.com.br\/wp-content\/uploads\/2026\/04\/RMG1-MOCKUP-150x150.png 150w, https:\/\/www.dommodesto.com.br\/wp-content\/uploads\/2026\/04\/RMG1-MOCKUP-768x768.png 768w, https:\/\/www.dommodesto.com.br\/wp-content\/uploads\/2026\/04\/RMG1-MOCKUP-12x12.png 12w, https:\/\/www.dommodesto.com.br\/wp-content\/uploads\/2026\/04\/RMG1-MOCKUP-600x600.png 600w, https:\/\/www.dommodesto.com.br\/wp-content\/uploads\/2026\/04\/RMG1-MOCKUP-100x100.png 100w, https:\/\/www.dommodesto.com.br\/wp-content\/uploads\/2026\/04\/RMG1-MOCKUP.png 1080w\" sizes=\"(max-width: 500px) 100vw, 500px\" \/><h2 class=\"woocommerce-loop-product__title\">Mulher, m\u00e3e e perigosa? Entrelaces da pol\u00edtica criminal e g\u00eanero no Brasil<\/h2>\n\t<span class=\"price\"><span class=\"woocommerce-Price-amount amount\"><bdi><span class=\"woocommerce-Price-currencySymbol\">&#82;&#36;<\/span>0,00<\/bdi><\/span><\/span>\n<\/a><a href=\"\/en\/wp-json\/wp\/v2\/pages\/2784?add-to-cart=69266\" aria-describedby=\"woocommerce_loop_add_to_cart_link_describedby_69266\" data-quantity=\"1\" class=\"button product_type_simple add_to_cart_button ajax_add_to_cart\" data-product_id=\"69266\" data-product_sku=\"\" aria-label=\"Add to cart: \u201cMulher, m\u00e3e e perigosa? Entrelaces da pol\u00edtica criminal e g\u00eanero no Brasil\u201d\" rel=\"nofollow\" data-success_message=\"\u201cMulher, m\u00e3e e perigosa? Entrelaces da pol\u00edtica criminal e g\u00eanero no Brasil\u201d has been added to your cart\" data-no-translation=\"\" data-trp-gettext=\"\" data-no-translation-aria-label=\"\" data-no-translation-data-success_message=\"\">Add to cart<\/a>\t<span id=\"woocommerce_loop_add_to_cart_link_describedby_69266\" class=\"screen-reader-text\">\n\t\t\t<\/span>\n<\/li>\n<li class=\"align-center box-shadow-1 box-shadow-3-hover ast-product-gallery-layout-horizontal ast-product-gallery-with-no-image ast-product-tabs-layout-horizontal product type-product post-69235 status-publish last instock product_cat-ciencias-sociais-aplicadas has-post-thumbnail downloadable virtual sold-individually purchasable product-type-simple\">\n\t<a href=\"https:\/\/www.dommodesto.com.br\/en\/product\/transcendendo-as-questoes-de-saude-direitos-humanos-deficiencia-e-alteridade\/\" class=\"woocommerce-LoopProduct-link woocommerce-loop-product__link\"><img decoding=\"async\" width=\"500\" height=\"500\" src=\"https:\/\/www.dommodesto.com.br\/wp-content\/uploads\/2026\/03\/MOCKUP-JMS2-500x500.png\" class=\"attachment-woocommerce_thumbnail size-woocommerce_thumbnail\" alt=\"Transcendendo as quest\u00f5es de sa\u00fade: direitos humanos, defici\u00eancia e alteridade\" srcset=\"https:\/\/www.dommodesto.com.br\/wp-content\/uploads\/2026\/03\/MOCKUP-JMS2-500x500.png 500w, https:\/\/www.dommodesto.com.br\/wp-content\/uploads\/2026\/03\/MOCKUP-JMS2-300x300.png 300w, https:\/\/www.dommodesto.com.br\/wp-content\/uploads\/2026\/03\/MOCKUP-JMS2-1024x1024.png 1024w, https:\/\/www.dommodesto.com.br\/wp-content\/uploads\/2026\/03\/MOCKUP-JMS2-150x150.png 150w, https:\/\/www.dommodesto.com.br\/wp-content\/uploads\/2026\/03\/MOCKUP-JMS2-768x768.png 768w, https:\/\/www.dommodesto.com.br\/wp-content\/uploads\/2026\/03\/MOCKUP-JMS2-12x12.png 12w, https:\/\/www.dommodesto.com.br\/wp-content\/uploads\/2026\/03\/MOCKUP-JMS2-600x600.png 600w, https:\/\/www.dommodesto.com.br\/wp-content\/uploads\/2026\/03\/MOCKUP-JMS2-100x100.png 100w, https:\/\/www.dommodesto.com.br\/wp-content\/uploads\/2026\/03\/MOCKUP-JMS2.png 1080w\" sizes=\"(max-width: 500px) 100vw, 500px\" \/><h2 class=\"woocommerce-loop-product__title\">Transcendendo as quest\u00f5es de sa\u00fade: direitos humanos, defici\u00eancia e alteridade<\/h2>\n\t<span class=\"price\"><span class=\"woocommerce-Price-amount amount\"><bdi><span class=\"woocommerce-Price-currencySymbol\">&#82;&#36;<\/span>0,00<\/bdi><\/span><\/span>\n<\/a><a href=\"\/en\/wp-json\/wp\/v2\/pages\/2784?add-to-cart=69235\" aria-describedby=\"woocommerce_loop_add_to_cart_link_describedby_69235\" data-quantity=\"1\" class=\"button product_type_simple add_to_cart_button ajax_add_to_cart\" data-product_id=\"69235\" data-product_sku=\"\" aria-label=\"Add to cart: \u201cTranscendendo as quest\u00f5es de sa\u00fade: direitos humanos, defici\u00eancia e alteridade\u201d\" rel=\"nofollow\" data-success_message=\"\u201cTranscendendo as quest\u00f5es de sa\u00fade: direitos humanos, defici\u00eancia e alteridade\u201d has been added to your cart\" data-no-translation=\"\" data-trp-gettext=\"\" data-no-translation-aria-label=\"\" data-no-translation-data-success_message=\"\">Add to cart<\/a>\t<span id=\"woocommerce_loop_add_to_cart_link_describedby_69235\" class=\"screen-reader-text\">\n\t\t\t<\/span>\n<\/li>\n<li class=\"align-center box-shadow-1 box-shadow-3-hover ast-product-gallery-layout-horizontal ast-product-gallery-with-no-image ast-product-tabs-layout-horizontal product type-product post-69232 status-publish first instock product_cat-ciencias-humanas has-post-thumbnail downloadable virtual purchasable product-type-simple\">\n\t<a href=\"https:\/\/www.dommodesto.com.br\/en\/product\/dialogo-intertextual-nas-epigrafes-de-inocencia-de-taunay\/\" class=\"woocommerce-LoopProduct-link woocommerce-loop-product__link\"><img loading=\"lazy\" decoding=\"async\" width=\"500\" height=\"500\" src=\"https:\/\/www.dommodesto.com.br\/wp-content\/uploads\/2026\/03\/E-book-e-Impresso-2-500x500.png\" class=\"attachment-woocommerce_thumbnail size-woocommerce_thumbnail\" alt=\"Di\u00e1logo intertextual nas ep\u00edgrafes de Inoc\u00eancia de Taunay\" srcset=\"https:\/\/www.dommodesto.com.br\/wp-content\/uploads\/2026\/03\/E-book-e-Impresso-2-500x500.png 500w, https:\/\/www.dommodesto.com.br\/wp-content\/uploads\/2026\/03\/E-book-e-Impresso-2-300x300.png 300w, https:\/\/www.dommodesto.com.br\/wp-content\/uploads\/2026\/03\/E-book-e-Impresso-2-1024x1024.png 1024w, https:\/\/www.dommodesto.com.br\/wp-content\/uploads\/2026\/03\/E-book-e-Impresso-2-150x150.png 150w, https:\/\/www.dommodesto.com.br\/wp-content\/uploads\/2026\/03\/E-book-e-Impresso-2-768x768.png 768w, https:\/\/www.dommodesto.com.br\/wp-content\/uploads\/2026\/03\/E-book-e-Impresso-2-12x12.png 12w, https:\/\/www.dommodesto.com.br\/wp-content\/uploads\/2026\/03\/E-book-e-Impresso-2-600x600.png 600w, https:\/\/www.dommodesto.com.br\/wp-content\/uploads\/2026\/03\/E-book-e-Impresso-2-100x100.png 100w, https:\/\/www.dommodesto.com.br\/wp-content\/uploads\/2026\/03\/E-book-e-Impresso-2.png 1080w\" sizes=\"(max-width: 500px) 100vw, 500px\" \/><h2 class=\"woocommerce-loop-product__title\">Di\u00e1logo intertextual nas ep\u00edgrafes de Inoc\u00eancia de Taunay<\/h2>\n\t<span class=\"price\"><span class=\"woocommerce-Price-amount amount\"><bdi><span class=\"woocommerce-Price-currencySymbol\">&#82;&#36;<\/span>0,00<\/bdi><\/span><\/span>\n<\/a><a href=\"\/en\/wp-json\/wp\/v2\/pages\/2784?add-to-cart=69232\" aria-describedby=\"woocommerce_loop_add_to_cart_link_describedby_69232\" data-quantity=\"1\" class=\"button product_type_simple add_to_cart_button ajax_add_to_cart\" data-product_id=\"69232\" data-product_sku=\"\" aria-label=\"Add to cart: \u201cDi\u00e1logo intertextual nas ep\u00edgrafes de Inoc\u00eancia de Taunay\u201d\" rel=\"nofollow\" data-success_message=\"\u201cDi\u00e1logo intertextual nas ep\u00edgrafes de Inoc\u00eancia de Taunay\u201d has been added to your cart\" data-no-translation=\"\" data-trp-gettext=\"\" data-no-translation-aria-label=\"\" data-no-translation-data-success_message=\"\">Add to cart<\/a>\t<span id=\"woocommerce_loop_add_to_cart_link_describedby_69232\" class=\"screen-reader-text\">\n\t\t\t<\/span>\n<\/li>\n<li class=\"align-center box-shadow-1 box-shadow-3-hover ast-product-gallery-layout-horizontal ast-product-gallery-with-no-image ast-product-tabs-layout-horizontal product type-product post-69193 status-publish instock product_cat-ciencias-sociais-aplicadas has-post-thumbnail downloadable virtual sold-individually purchasable product-type-simple\">\n\t<a href=\"https:\/\/www.dommodesto.com.br\/en\/product\/direitos-humanos-na-seguranca-publica-educacao-instituicoes-e-desafios-contemporaneos\/\" class=\"woocommerce-LoopProduct-link woocommerce-loop-product__link\"><img loading=\"lazy\" decoding=\"async\" width=\"500\" height=\"500\" src=\"https:\/\/www.dommodesto.com.br\/wp-content\/uploads\/2026\/03\/Mockup-Livro-222-JPC1-2-500x500.png\" class=\"attachment-woocommerce_thumbnail size-woocommerce_thumbnail\" alt=\"Direitos humanos na seguran\u00e7a p\u00fablica: educa\u00e7\u00e3o, institui\u00e7\u00f5es e desafios contempor\u00e2neos\" srcset=\"https:\/\/www.dommodesto.com.br\/wp-content\/uploads\/2026\/03\/Mockup-Livro-222-JPC1-2-500x500.png 500w, https:\/\/www.dommodesto.com.br\/wp-content\/uploads\/2026\/03\/Mockup-Livro-222-JPC1-2-300x300.png 300w, https:\/\/www.dommodesto.com.br\/wp-content\/uploads\/2026\/03\/Mockup-Livro-222-JPC1-2-1024x1024.png 1024w, https:\/\/www.dommodesto.com.br\/wp-content\/uploads\/2026\/03\/Mockup-Livro-222-JPC1-2-150x150.png 150w, https:\/\/www.dommodesto.com.br\/wp-content\/uploads\/2026\/03\/Mockup-Livro-222-JPC1-2-768x768.png 768w, https:\/\/www.dommodesto.com.br\/wp-content\/uploads\/2026\/03\/Mockup-Livro-222-JPC1-2-12x12.png 12w, https:\/\/www.dommodesto.com.br\/wp-content\/uploads\/2026\/03\/Mockup-Livro-222-JPC1-2-600x600.png 600w, https:\/\/www.dommodesto.com.br\/wp-content\/uploads\/2026\/03\/Mockup-Livro-222-JPC1-2-100x100.png 100w, https:\/\/www.dommodesto.com.br\/wp-content\/uploads\/2026\/03\/Mockup-Livro-222-JPC1-2.png 1080w\" sizes=\"(max-width: 500px) 100vw, 500px\" \/><h2 class=\"woocommerce-loop-product__title\">Direitos humanos na seguran\u00e7a p\u00fablica: educa\u00e7\u00e3o, institui\u00e7\u00f5es e desafios contempor\u00e2neos<\/h2>\n\t<span class=\"price\"><span class=\"woocommerce-Price-amount amount\"><bdi><span class=\"woocommerce-Price-currencySymbol\">&#82;&#36;<\/span>0,00<\/bdi><\/span><\/span>\n<\/a><a href=\"\/en\/wp-json\/wp\/v2\/pages\/2784?add-to-cart=69193\" aria-describedby=\"woocommerce_loop_add_to_cart_link_describedby_69193\" data-quantity=\"1\" class=\"button product_type_simple add_to_cart_button ajax_add_to_cart\" data-product_id=\"69193\" data-product_sku=\"\" aria-label=\"Add to cart: \u201cDireitos humanos na seguran\u00e7a p\u00fablica: educa\u00e7\u00e3o, institui\u00e7\u00f5es e desafios contempor\u00e2neos\u201d\" rel=\"nofollow\" data-success_message=\"\u201cDireitos humanos na seguran\u00e7a p\u00fablica: educa\u00e7\u00e3o, institui\u00e7\u00f5es e desafios contempor\u00e2neos\u201d has been added to your cart\" data-no-translation=\"\" data-trp-gettext=\"\" data-no-translation-aria-label=\"\" data-no-translation-data-success_message=\"\">Add to cart<\/a>\t<span id=\"woocommerce_loop_add_to_cart_link_describedby_69193\" class=\"screen-reader-text\">\n\t\t\t<\/span>\n<\/li>\n<li class=\"align-center box-shadow-1 box-shadow-3-hover ast-product-gallery-layout-horizontal ast-product-gallery-with-no-image ast-product-tabs-layout-horizontal product type-product post-69190 status-publish last instock product_cat-ciencias-sociais-aplicadas has-post-thumbnail shipping-taxable purchasable product-type-simple\">\n\t<a href=\"https:\/\/www.dommodesto.com.br\/en\/product\/os-outros-animais-em-juizo-entre-a-coerencia-juridica-e-o-especismo-processual-no-brasil\/\" class=\"woocommerce-LoopProduct-link woocommerce-loop-product__link\"><img loading=\"lazy\" decoding=\"async\" width=\"500\" height=\"500\" src=\"https:\/\/www.dommodesto.com.br\/wp-content\/uploads\/2026\/03\/Mockup-Livro-185-EVE1-impresso-500x500.png\" class=\"attachment-woocommerce_thumbnail size-woocommerce_thumbnail\" alt=\"Os outros animais em ju\u00edzo: entre a coer\u00eancia jur\u00eddica e o especismo processual no Brasil\" srcset=\"https:\/\/www.dommodesto.com.br\/wp-content\/uploads\/2026\/03\/Mockup-Livro-185-EVE1-impresso-500x500.png 500w, https:\/\/www.dommodesto.com.br\/wp-content\/uploads\/2026\/03\/Mockup-Livro-185-EVE1-impresso-300x300.png 300w, https:\/\/www.dommodesto.com.br\/wp-content\/uploads\/2026\/03\/Mockup-Livro-185-EVE1-impresso-1024x1024.png 1024w, https:\/\/www.dommodesto.com.br\/wp-content\/uploads\/2026\/03\/Mockup-Livro-185-EVE1-impresso-150x150.png 150w, https:\/\/www.dommodesto.com.br\/wp-content\/uploads\/2026\/03\/Mockup-Livro-185-EVE1-impresso-768x768.png 768w, https:\/\/www.dommodesto.com.br\/wp-content\/uploads\/2026\/03\/Mockup-Livro-185-EVE1-impresso-12x12.png 12w, https:\/\/www.dommodesto.com.br\/wp-content\/uploads\/2026\/03\/Mockup-Livro-185-EVE1-impresso-600x600.png 600w, https:\/\/www.dommodesto.com.br\/wp-content\/uploads\/2026\/03\/Mockup-Livro-185-EVE1-impresso-100x100.png 100w, https:\/\/www.dommodesto.com.br\/wp-content\/uploads\/2026\/03\/Mockup-Livro-185-EVE1-impresso.png 1080w\" sizes=\"(max-width: 500px) 100vw, 500px\" \/><h2 class=\"woocommerce-loop-product__title\">Os outros animais em ju\u00edzo: entre a coer\u00eancia jur\u00eddica e o especismo processual no Brasil<\/h2>\n\t<span class=\"price\"><span class=\"woocommerce-Price-amount amount\"><bdi><span class=\"woocommerce-Price-currencySymbol\">&#82;&#36;<\/span>90,00<\/bdi><\/span><\/span>\n<\/a><a href=\"\/en\/wp-json\/wp\/v2\/pages\/2784?add-to-cart=69190\" aria-describedby=\"woocommerce_loop_add_to_cart_link_describedby_69190\" data-quantity=\"1\" class=\"button product_type_simple add_to_cart_button ajax_add_to_cart\" data-product_id=\"69190\" data-product_sku=\"\" aria-label=\"Add to cart: \u201cOs outros animais em ju\u00edzo: entre a coer\u00eancia jur\u00eddica e o especismo processual no Brasil\u201d\" rel=\"nofollow\" data-success_message=\"\u201cOs outros animais em ju\u00edzo: entre a coer\u00eancia jur\u00eddica e o especismo processual no Brasil\u201d has been added to your cart\" data-no-translation=\"\" data-trp-gettext=\"\" data-no-translation-aria-label=\"\" data-no-translation-data-success_message=\"\">Add to cart<\/a>\t<span id=\"woocommerce_loop_add_to_cart_link_describedby_69190\" class=\"screen-reader-text\">\n\t\t\t<\/span>\n<\/li>\n<li class=\"align-center box-shadow-1 box-shadow-3-hover ast-product-gallery-layout-horizontal ast-product-gallery-with-no-image ast-product-tabs-layout-horizontal product type-product post-69170 status-publish first instock product_cat-sem-categoria has-post-thumbnail shipping-taxable purchasable product-type-variable\">\n\t<a href=\"https:\/\/www.dommodesto.com.br\/en\/product\/representacao-social-da-violencia-fisica-sofrida-em-relacoes-amorosas-por-mulheres-na-cidade-de-goiania\/\" class=\"woocommerce-LoopProduct-link woocommerce-loop-product__link\"><img loading=\"lazy\" decoding=\"async\" width=\"500\" height=\"500\" src=\"https:\/\/www.dommodesto.com.br\/wp-content\/uploads\/2026\/03\/Mockup-Livro-210-ASC1-2-500x500.png\" class=\"attachment-woocommerce_thumbnail size-woocommerce_thumbnail\" alt=\"Representa\u00e7\u00e3o social da viol\u00eancia f\u00edsica sofrida em rela\u00e7\u00f5es amorosas por mulheres na cidade de Goi\u00e2nia\" srcset=\"https:\/\/www.dommodesto.com.br\/wp-content\/uploads\/2026\/03\/Mockup-Livro-210-ASC1-2-500x500.png 500w, https:\/\/www.dommodesto.com.br\/wp-content\/uploads\/2026\/03\/Mockup-Livro-210-ASC1-2-300x300.png 300w, https:\/\/www.dommodesto.com.br\/wp-content\/uploads\/2026\/03\/Mockup-Livro-210-ASC1-2-1024x1024.png 1024w, https:\/\/www.dommodesto.com.br\/wp-content\/uploads\/2026\/03\/Mockup-Livro-210-ASC1-2-150x150.png 150w, https:\/\/www.dommodesto.com.br\/wp-content\/uploads\/2026\/03\/Mockup-Livro-210-ASC1-2-768x768.png 768w, https:\/\/www.dommodesto.com.br\/wp-content\/uploads\/2026\/03\/Mockup-Livro-210-ASC1-2-12x12.png 12w, https:\/\/www.dommodesto.com.br\/wp-content\/uploads\/2026\/03\/Mockup-Livro-210-ASC1-2-600x600.png 600w, https:\/\/www.dommodesto.com.br\/wp-content\/uploads\/2026\/03\/Mockup-Livro-210-ASC1-2-100x100.png 100w, https:\/\/www.dommodesto.com.br\/wp-content\/uploads\/2026\/03\/Mockup-Livro-210-ASC1-2.png 1080w\" sizes=\"(max-width: 500px) 100vw, 500px\" \/><h2 class=\"woocommerce-loop-product__title\">Representa\u00e7\u00e3o social da viol\u00eancia f\u00edsica sofrida em rela\u00e7\u00f5es amorosas por mulheres na cidade de Goi\u00e2nia<\/h2>\n\t<span class=\"price\"><span class=\"woocommerce-Price-amount amount\" aria-hidden=\"true\"><bdi><span class=\"woocommerce-Price-currencySymbol\">&#82;&#36;<\/span>37,00<\/bdi><\/span> <span aria-hidden=\"true\">&ndash;<\/span> <span class=\"woocommerce-Price-amount amount\" aria-hidden=\"true\"><bdi><span class=\"woocommerce-Price-currencySymbol\">&#82;&#36;<\/span>75,00<\/bdi><\/span><span class=\"screen-reader-text\" data-no-translation=\"\" data-trp-gettext=\"\">Price range: &#82;&#36;37,00 through &#82;&#36;75,00<\/span><\/span>\n<\/a><a href=\"https:\/\/www.dommodesto.com.br\/en\/product\/representacao-social-da-violencia-fisica-sofrida-em-relacoes-amorosas-por-mulheres-na-cidade-de-goiania\/\" aria-describedby=\"woocommerce_loop_add_to_cart_link_describedby_69170\" data-quantity=\"1\" class=\"button product_type_variable add_to_cart_button\" data-product_id=\"69170\" data-product_sku=\"\" aria-label=\"Select options for \u201cRepresenta\u00e7\u00e3o social da viol\u00eancia f\u00edsica sofrida em rela\u00e7\u00f5es amorosas por mulheres na cidade de Goi\u00e2nia\u201d\" rel=\"nofollow\" data-no-translation=\"\" data-trp-gettext=\"\" data-no-translation-aria-label=\"\">Select options<\/a>\t<span id=\"woocommerce_loop_add_to_cart_link_describedby_69170\" class=\"screen-reader-text\">\n\t\tThis product has multiple variants. The options may be chosen on the product page\t<\/span>\n<\/li>\n<li class=\"align-center box-shadow-1 box-shadow-3-hover ast-product-gallery-layout-horizontal ast-product-gallery-with-no-image ast-product-tabs-layout-horizontal product type-product post-69111 status-publish instock product_cat-ciencias-sociais-aplicadas has-post-thumbnail downloadable virtual sold-individually purchasable product-type-simple\">\n\t<a href=\"https:\/\/www.dommodesto.com.br\/en\/product\/diversidade-e-inclusao-pelo-direito-fraterno-a-desprotecao-do-direito-humano-a-saude-das-pessoas-migrantes-com-deficiencia\/\" class=\"woocommerce-LoopProduct-link woocommerce-loop-product__link\"><img loading=\"lazy\" decoding=\"async\" width=\"500\" height=\"500\" src=\"https:\/\/www.dommodesto.com.br\/wp-content\/uploads\/2026\/03\/Mockup-Livro-221-JSM3-2-500x500.png\" class=\"attachment-woocommerce_thumbnail size-woocommerce_thumbnail\" alt=\"Diversidade e inclus\u00e3o pelo Direito Fraterno: a (des)prote\u00e7\u00e3o do direito humano \u00e0 sa\u00fade das pessoas migrantes com defici\u00eancia\" srcset=\"https:\/\/www.dommodesto.com.br\/wp-content\/uploads\/2026\/03\/Mockup-Livro-221-JSM3-2-500x500.png 500w, https:\/\/www.dommodesto.com.br\/wp-content\/uploads\/2026\/03\/Mockup-Livro-221-JSM3-2-300x300.png 300w, https:\/\/www.dommodesto.com.br\/wp-content\/uploads\/2026\/03\/Mockup-Livro-221-JSM3-2-1024x1024.png 1024w, https:\/\/www.dommodesto.com.br\/wp-content\/uploads\/2026\/03\/Mockup-Livro-221-JSM3-2-150x150.png 150w, https:\/\/www.dommodesto.com.br\/wp-content\/uploads\/2026\/03\/Mockup-Livro-221-JSM3-2-768x768.png 768w, https:\/\/www.dommodesto.com.br\/wp-content\/uploads\/2026\/03\/Mockup-Livro-221-JSM3-2-12x12.png 12w, https:\/\/www.dommodesto.com.br\/wp-content\/uploads\/2026\/03\/Mockup-Livro-221-JSM3-2-600x600.png 600w, https:\/\/www.dommodesto.com.br\/wp-content\/uploads\/2026\/03\/Mockup-Livro-221-JSM3-2-100x100.png 100w, https:\/\/www.dommodesto.com.br\/wp-content\/uploads\/2026\/03\/Mockup-Livro-221-JSM3-2.png 1080w\" sizes=\"(max-width: 500px) 100vw, 500px\" \/><h2 class=\"woocommerce-loop-product__title\">Diversidade e inclus\u00e3o pelo Direito Fraterno: a (des)prote\u00e7\u00e3o do direito humano \u00e0 sa\u00fade das pessoas migrantes com defici\u00eancia<\/h2>\n\t<span class=\"price\"><span class=\"woocommerce-Price-amount amount\"><bdi><span class=\"woocommerce-Price-currencySymbol\">&#82;&#36;<\/span>0,00<\/bdi><\/span><\/span>\n<\/a><a href=\"\/en\/wp-json\/wp\/v2\/pages\/2784?add-to-cart=69111\" aria-describedby=\"woocommerce_loop_add_to_cart_link_describedby_69111\" data-quantity=\"1\" class=\"button product_type_simple add_to_cart_button ajax_add_to_cart\" data-product_id=\"69111\" data-product_sku=\"\" aria-label=\"Add to cart: \u201cDiversidade e inclus\u00e3o pelo Direito Fraterno: a (des)prote\u00e7\u00e3o do direito humano \u00e0 sa\u00fade das pessoas migrantes com defici\u00eancia\u201d\" rel=\"nofollow\" data-success_message=\"\u201cDiversidade e inclus\u00e3o pelo Direito Fraterno: a (des)prote\u00e7\u00e3o do direito humano \u00e0 sa\u00fade das pessoas migrantes com defici\u00eancia\u201d has been added to your cart\" data-no-translation=\"\" data-trp-gettext=\"\" data-no-translation-aria-label=\"\" data-no-translation-data-success_message=\"\">Add to cart<\/a>\t<span id=\"woocommerce_loop_add_to_cart_link_describedby_69111\" class=\"screen-reader-text\">\n\t\t\t<\/span>\n<\/li>\n<li class=\"align-center box-shadow-1 box-shadow-3-hover ast-product-gallery-layout-horizontal ast-product-gallery-with-no-image ast-product-tabs-layout-horizontal product type-product post-68976 status-publish last instock product_cat-ciencias-sociais-aplicadas has-post-thumbnail downloadable virtual sold-individually purchasable product-type-simple\">\n\t<a href=\"https:\/\/www.dommodesto.com.br\/en\/product\/trabalho-e-direitos-humanos-possibilidade-de-aplicacao-do-direito-a-jornada-de-trabalho-reduzida-para-os-empregados-celetistas-cuidadores-de-pessoas-com-deficiencia\/\" class=\"woocommerce-LoopProduct-link woocommerce-loop-product__link\"><img loading=\"lazy\" decoding=\"async\" width=\"500\" height=\"500\" src=\"https:\/\/www.dommodesto.com.br\/wp-content\/uploads\/2025\/12\/Mockup-Livro-186-LUI1-3-500x500.png\" class=\"attachment-woocommerce_thumbnail size-woocommerce_thumbnail\" alt=\"Trabalho e direitos humanos: possibilidade de aplica\u00e7\u00e3o do direito \u00e0 jornada de trabalho reduzida para os empregados celetistas cuidadores de pessoas com defici\u00eancia\" srcset=\"https:\/\/www.dommodesto.com.br\/wp-content\/uploads\/2025\/12\/Mockup-Livro-186-LUI1-3-500x500.png 500w, https:\/\/www.dommodesto.com.br\/wp-content\/uploads\/2025\/12\/Mockup-Livro-186-LUI1-3-300x300.png 300w, https:\/\/www.dommodesto.com.br\/wp-content\/uploads\/2025\/12\/Mockup-Livro-186-LUI1-3-1024x1024.png 1024w, https:\/\/www.dommodesto.com.br\/wp-content\/uploads\/2025\/12\/Mockup-Livro-186-LUI1-3-150x150.png 150w, https:\/\/www.dommodesto.com.br\/wp-content\/uploads\/2025\/12\/Mockup-Livro-186-LUI1-3-768x768.png 768w, https:\/\/www.dommodesto.com.br\/wp-content\/uploads\/2025\/12\/Mockup-Livro-186-LUI1-3-12x12.png 12w, https:\/\/www.dommodesto.com.br\/wp-content\/uploads\/2025\/12\/Mockup-Livro-186-LUI1-3-600x600.png 600w, https:\/\/www.dommodesto.com.br\/wp-content\/uploads\/2025\/12\/Mockup-Livro-186-LUI1-3-100x100.png 100w, https:\/\/www.dommodesto.com.br\/wp-content\/uploads\/2025\/12\/Mockup-Livro-186-LUI1-3.png 1080w\" sizes=\"(max-width: 500px) 100vw, 500px\" \/><h2 class=\"woocommerce-loop-product__title\">Trabalho e direitos humanos: possibilidade de aplica\u00e7\u00e3o do direito \u00e0 jornada de trabalho reduzida para os empregados celetistas cuidadores de pessoas com defici\u00eancia<\/h2>\n\t<span class=\"price\"><span class=\"woocommerce-Price-amount amount\"><bdi><span class=\"woocommerce-Price-currencySymbol\">&#82;&#36;<\/span>0,00<\/bdi><\/span><\/span>\n<\/a><a href=\"\/en\/wp-json\/wp\/v2\/pages\/2784?add-to-cart=68976\" aria-describedby=\"woocommerce_loop_add_to_cart_link_describedby_68976\" data-quantity=\"1\" class=\"button product_type_simple add_to_cart_button ajax_add_to_cart\" data-product_id=\"68976\" data-product_sku=\"\" aria-label=\"Add to cart: \u201cTrabalho e direitos humanos: possibilidade de aplica\u00e7\u00e3o do direito \u00e0 jornada de trabalho reduzida para os empregados celetistas cuidadores de pessoas com defici\u00eancia\u201d\" rel=\"nofollow\" data-success_message=\"\u201cTrabalho e direitos humanos: possibilidade de aplica\u00e7\u00e3o do direito \u00e0 jornada de trabalho reduzida para os empregados celetistas cuidadores de pessoas com defici\u00eancia\u201d has been added to your cart\" data-no-translation=\"\" data-trp-gettext=\"\" data-no-translation-aria-label=\"\" data-no-translation-data-success_message=\"\">Add to cart<\/a>\t<span id=\"woocommerce_loop_add_to_cart_link_describedby_68976\" class=\"screen-reader-text\">\n\t\t\t<\/span>\n<\/li>\n<li class=\"align-center box-shadow-1 box-shadow-3-hover ast-product-gallery-layout-horizontal ast-product-gallery-with-no-image ast-product-tabs-layout-horizontal product type-product post-68965 status-publish first instock product_cat-ciencias-sociais-aplicadas has-post-thumbnail downloadable virtual sold-individually purchasable product-type-simple\">\n\t<a href=\"https:\/\/www.dommodesto.com.br\/en\/product\/de-sujeito-ao-corpo-retornante-a-vivencia-da-liberdade-monitorada-e-o-paradoxo-entre-punicao-e-reinsercao\/\" class=\"woocommerce-LoopProduct-link woocommerce-loop-product__link\"><img loading=\"lazy\" decoding=\"async\" width=\"500\" height=\"500\" src=\"https:\/\/www.dommodesto.com.br\/wp-content\/uploads\/2025\/12\/Mockup-Livro-200-AFB1-500x500.png\" class=\"attachment-woocommerce_thumbnail size-woocommerce_thumbnail\" alt=\"De sujeito ao corpo retornante: a viv\u00eancia da liberdade monitorada e o paradoxo entre puni\u00e7\u00e3o e reinser\u00e7\u00e3o\" srcset=\"https:\/\/www.dommodesto.com.br\/wp-content\/uploads\/2025\/12\/Mockup-Livro-200-AFB1-500x500.png 500w, https:\/\/www.dommodesto.com.br\/wp-content\/uploads\/2025\/12\/Mockup-Livro-200-AFB1-300x300.png 300w, https:\/\/www.dommodesto.com.br\/wp-content\/uploads\/2025\/12\/Mockup-Livro-200-AFB1-1024x1024.png 1024w, https:\/\/www.dommodesto.com.br\/wp-content\/uploads\/2025\/12\/Mockup-Livro-200-AFB1-150x150.png 150w, https:\/\/www.dommodesto.com.br\/wp-content\/uploads\/2025\/12\/Mockup-Livro-200-AFB1-768x768.png 768w, https:\/\/www.dommodesto.com.br\/wp-content\/uploads\/2025\/12\/Mockup-Livro-200-AFB1-12x12.png 12w, https:\/\/www.dommodesto.com.br\/wp-content\/uploads\/2025\/12\/Mockup-Livro-200-AFB1-600x600.png 600w, https:\/\/www.dommodesto.com.br\/wp-content\/uploads\/2025\/12\/Mockup-Livro-200-AFB1-100x100.png 100w, https:\/\/www.dommodesto.com.br\/wp-content\/uploads\/2025\/12\/Mockup-Livro-200-AFB1.png 1080w\" sizes=\"(max-width: 500px) 100vw, 500px\" \/><h2 class=\"woocommerce-loop-product__title\">De sujeito ao corpo retornante: a viv\u00eancia da liberdade monitorada e o paradoxo entre puni\u00e7\u00e3o e reinser\u00e7\u00e3o<\/h2>\n\t<span class=\"price\"><span class=\"woocommerce-Price-amount amount\"><bdi><span class=\"woocommerce-Price-currencySymbol\">&#82;&#36;<\/span>45,00<\/bdi><\/span><\/span>\n<\/a><a href=\"\/en\/wp-json\/wp\/v2\/pages\/2784?add-to-cart=68965\" aria-describedby=\"woocommerce_loop_add_to_cart_link_describedby_68965\" data-quantity=\"1\" class=\"button product_type_simple add_to_cart_button ajax_add_to_cart\" data-product_id=\"68965\" data-product_sku=\"\" aria-label=\"Add to cart: \u201cDe sujeito ao corpo retornante: a viv\u00eancia da liberdade monitorada e o paradoxo entre puni\u00e7\u00e3o e reinser\u00e7\u00e3o\u201d\" rel=\"nofollow\" data-success_message=\"\u201cDe sujeito ao corpo retornante: a viv\u00eancia da liberdade monitorada e o paradoxo entre puni\u00e7\u00e3o e reinser\u00e7\u00e3o\u201d has been added to your cart\" data-no-translation=\"\" data-trp-gettext=\"\" data-no-translation-aria-label=\"\" data-no-translation-data-success_message=\"\">Add to cart<\/a>\t<span id=\"woocommerce_loop_add_to_cart_link_describedby_68965\" class=\"screen-reader-text\">\n\t\t\t<\/span>\n<\/li>\n<li class=\"align-center box-shadow-1 box-shadow-3-hover ast-product-gallery-layout-horizontal ast-product-gallery-with-no-image ast-product-tabs-layout-horizontal product type-product post-68958 status-publish instock product_cat-ciencias-sociais-aplicadas has-post-thumbnail downloadable virtual sold-individually purchasable product-type-simple\">\n\t<a href=\"https:\/\/www.dommodesto.com.br\/en\/product\/politicas-publicas-no-brasil-ensaios-para-uma-gestao-publica-voltada-a-tutela-dos-direitos-humanos-vol-vii\/\" class=\"woocommerce-LoopProduct-link woocommerce-loop-product__link\"><img loading=\"lazy\" decoding=\"async\" width=\"500\" height=\"500\" src=\"https:\/\/www.dommodesto.com.br\/wp-content\/uploads\/2025\/12\/Mockup-Livro-206-PPV7-500x500.png\" class=\"attachment-woocommerce_thumbnail size-woocommerce_thumbnail\" alt=\"Pol\u00edticas p\u00fablicas no Brasil: ensaios para uma gest\u00e3o p\u00fablica voltada \u00e0 tutela dos Direitos Humanos \u2013 vol. VII\" srcset=\"https:\/\/www.dommodesto.com.br\/wp-content\/uploads\/2025\/12\/Mockup-Livro-206-PPV7-500x500.png 500w, https:\/\/www.dommodesto.com.br\/wp-content\/uploads\/2025\/12\/Mockup-Livro-206-PPV7-300x300.png 300w, https:\/\/www.dommodesto.com.br\/wp-content\/uploads\/2025\/12\/Mockup-Livro-206-PPV7-1024x1024.png 1024w, https:\/\/www.dommodesto.com.br\/wp-content\/uploads\/2025\/12\/Mockup-Livro-206-PPV7-150x150.png 150w, https:\/\/www.dommodesto.com.br\/wp-content\/uploads\/2025\/12\/Mockup-Livro-206-PPV7-768x768.png 768w, https:\/\/www.dommodesto.com.br\/wp-content\/uploads\/2025\/12\/Mockup-Livro-206-PPV7-12x12.png 12w, https:\/\/www.dommodesto.com.br\/wp-content\/uploads\/2025\/12\/Mockup-Livro-206-PPV7-600x600.png 600w, https:\/\/www.dommodesto.com.br\/wp-content\/uploads\/2025\/12\/Mockup-Livro-206-PPV7-100x100.png 100w, https:\/\/www.dommodesto.com.br\/wp-content\/uploads\/2025\/12\/Mockup-Livro-206-PPV7.png 1080w\" sizes=\"(max-width: 500px) 100vw, 500px\" \/><h2 class=\"woocommerce-loop-product__title\">Pol\u00edticas p\u00fablicas no Brasil: ensaios para uma gest\u00e3o p\u00fablica voltada \u00e0 tutela dos Direitos Humanos \u2013 vol. VII<\/h2>\n\t<span class=\"price\"><span class=\"woocommerce-Price-amount amount\"><bdi><span class=\"woocommerce-Price-currencySymbol\">&#82;&#36;<\/span>9,90<\/bdi><\/span><\/span>\n<\/a><a href=\"\/en\/wp-json\/wp\/v2\/pages\/2784?add-to-cart=68958\" aria-describedby=\"woocommerce_loop_add_to_cart_link_describedby_68958\" data-quantity=\"1\" class=\"button product_type_simple add_to_cart_button ajax_add_to_cart\" data-product_id=\"68958\" data-product_sku=\"\" aria-label=\"Add to cart: \u201cPol\u00edticas p\u00fablicas no Brasil: ensaios para uma gest\u00e3o p\u00fablica voltada \u00e0 tutela dos Direitos Humanos \u2013 vol. VII\u201d\" rel=\"nofollow\" data-success_message=\"\u201cPol\u00edticas p\u00fablicas no Brasil: ensaios para uma gest\u00e3o p\u00fablica voltada \u00e0 tutela dos Direitos Humanos \u2013 vol. VII\u201d has been added to your cart\" data-no-translation=\"\" data-trp-gettext=\"\" data-no-translation-aria-label=\"\" data-no-translation-data-success_message=\"\">Add to cart<\/a>\t<span id=\"woocommerce_loop_add_to_cart_link_describedby_68958\" class=\"screen-reader-text\">\n\t\t\t<\/span>\n<\/li>\n<li class=\"align-center box-shadow-1 box-shadow-3-hover ast-product-gallery-layout-horizontal ast-product-gallery-with-no-image ast-product-tabs-layout-horizontal product type-product post-68954 status-publish last instock product_cat-ciencias-sociais-aplicadas has-post-thumbnail sold-individually shipping-taxable purchasable product-type-variable\">\n\t<a href=\"https:\/\/www.dommodesto.com.br\/en\/product\/tributacao-das-sociedades-cooperativas-de-servicos-medicos-reflexoes-quanto-a-nao-incidencia-do-irpj-e-da-csll-sobre-os-atos-cooperativos-proprios-a-partir-dos-precedentes-do-stf\/\" class=\"woocommerce-LoopProduct-link woocommerce-loop-product__link\"><img loading=\"lazy\" decoding=\"async\" width=\"500\" height=\"500\" src=\"https:\/\/www.dommodesto.com.br\/wp-content\/uploads\/2025\/12\/Mockup-Livro209-RLM1-2-500x500.png\" class=\"attachment-woocommerce_thumbnail size-woocommerce_thumbnail\" alt=\"Tributa\u00e7\u00e3o das sociedades cooperativas de servi\u00e7os m\u00e9dicos: reflex\u00f5es quanto \u00e0 n\u00e3o incid\u00eancia do IRPJ e da CSLL sobre os atos cooperativos pr\u00f3prios, a partir dos precedentes do STF\" srcset=\"https:\/\/www.dommodesto.com.br\/wp-content\/uploads\/2025\/12\/Mockup-Livro209-RLM1-2-500x500.png 500w, https:\/\/www.dommodesto.com.br\/wp-content\/uploads\/2025\/12\/Mockup-Livro209-RLM1-2-300x300.png 300w, https:\/\/www.dommodesto.com.br\/wp-content\/uploads\/2025\/12\/Mockup-Livro209-RLM1-2-1024x1024.png 1024w, https:\/\/www.dommodesto.com.br\/wp-content\/uploads\/2025\/12\/Mockup-Livro209-RLM1-2-150x150.png 150w, https:\/\/www.dommodesto.com.br\/wp-content\/uploads\/2025\/12\/Mockup-Livro209-RLM1-2-768x768.png 768w, https:\/\/www.dommodesto.com.br\/wp-content\/uploads\/2025\/12\/Mockup-Livro209-RLM1-2-12x12.png 12w, https:\/\/www.dommodesto.com.br\/wp-content\/uploads\/2025\/12\/Mockup-Livro209-RLM1-2-600x600.png 600w, https:\/\/www.dommodesto.com.br\/wp-content\/uploads\/2025\/12\/Mockup-Livro209-RLM1-2-100x100.png 100w, https:\/\/www.dommodesto.com.br\/wp-content\/uploads\/2025\/12\/Mockup-Livro209-RLM1-2.png 1080w\" sizes=\"(max-width: 500px) 100vw, 500px\" \/><h2 class=\"woocommerce-loop-product__title\">Tributa\u00e7\u00e3o das sociedades cooperativas de servi\u00e7os m\u00e9dicos: reflex\u00f5es quanto \u00e0 n\u00e3o incid\u00eancia do IRPJ e da CSLL sobre os atos cooperativos pr\u00f3prios, a partir dos precedentes do STF<\/h2>\n\t<span class=\"price\"><span class=\"woocommerce-Price-amount amount\" aria-hidden=\"true\"><bdi><span class=\"woocommerce-Price-currencySymbol\">&#82;&#36;<\/span>90,00<\/bdi><\/span> <span aria-hidden=\"true\">&ndash;<\/span> <span class=\"woocommerce-Price-amount amount\" aria-hidden=\"true\"><bdi><span class=\"woocommerce-Price-currencySymbol\">&#82;&#36;<\/span>180,00<\/bdi><\/span><span class=\"screen-reader-text\" data-no-translation=\"\" data-trp-gettext=\"\">Price range: &#82;&#36;90,00 through &#82;&#36;180,00<\/span><\/span>\n<\/a><a href=\"https:\/\/www.dommodesto.com.br\/en\/product\/tributacao-das-sociedades-cooperativas-de-servicos-medicos-reflexoes-quanto-a-nao-incidencia-do-irpj-e-da-csll-sobre-os-atos-cooperativos-proprios-a-partir-dos-precedentes-do-stf\/\" aria-describedby=\"woocommerce_loop_add_to_cart_link_describedby_68954\" data-quantity=\"1\" class=\"button product_type_variable add_to_cart_button\" data-product_id=\"68954\" data-product_sku=\"\" aria-label=\"Select options for \u201cTributa\u00e7\u00e3o das sociedades cooperativas de servi\u00e7os m\u00e9dicos: reflex\u00f5es quanto \u00e0 n\u00e3o incid\u00eancia do IRPJ e da CSLL sobre os atos cooperativos pr\u00f3prios, a partir dos precedentes do STF\u201d\" rel=\"nofollow\" data-no-translation=\"\" data-trp-gettext=\"\" data-no-translation-aria-label=\"\">Select options<\/a>\t<span id=\"woocommerce_loop_add_to_cart_link_describedby_68954\" class=\"screen-reader-text\">\n\t\tThis product has multiple variants. The options may be chosen on the product page\t<\/span>\n<\/li>\n<li class=\"align-center box-shadow-1 box-shadow-3-hover ast-product-gallery-layout-horizontal ast-product-gallery-with-no-image ast-product-tabs-layout-horizontal product type-product post-68909 status-publish first instock product_cat-ciencias-sociais-aplicadas has-post-thumbnail downloadable virtual sold-individually purchasable product-type-simple\">\n\t<a href=\"https:\/\/www.dommodesto.com.br\/en\/product\/vulnerabilidade-climatica-em-perspectiva-um-olhar-desde-o-territorio-volume-iii-contexto-das-perdas-humanas\/\" class=\"woocommerce-LoopProduct-link woocommerce-loop-product__link\"><img loading=\"lazy\" decoding=\"async\" width=\"500\" height=\"500\" src=\"https:\/\/www.dommodesto.com.br\/wp-content\/uploads\/2025\/12\/Mockup-Livro-216-SAN6-500x500.png\" class=\"attachment-woocommerce_thumbnail size-woocommerce_thumbnail\" alt=\"Vulnerabilidade clim\u00e1tica em perspectiva: um olhar desde o territ\u00f3rio. Volume III: contexto das perdas humanas\" srcset=\"https:\/\/www.dommodesto.com.br\/wp-content\/uploads\/2025\/12\/Mockup-Livro-216-SAN6-500x500.png 500w, https:\/\/www.dommodesto.com.br\/wp-content\/uploads\/2025\/12\/Mockup-Livro-216-SAN6-300x300.png 300w, https:\/\/www.dommodesto.com.br\/wp-content\/uploads\/2025\/12\/Mockup-Livro-216-SAN6-1024x1024.png 1024w, https:\/\/www.dommodesto.com.br\/wp-content\/uploads\/2025\/12\/Mockup-Livro-216-SAN6-150x150.png 150w, https:\/\/www.dommodesto.com.br\/wp-content\/uploads\/2025\/12\/Mockup-Livro-216-SAN6-768x768.png 768w, https:\/\/www.dommodesto.com.br\/wp-content\/uploads\/2025\/12\/Mockup-Livro-216-SAN6-12x12.png 12w, https:\/\/www.dommodesto.com.br\/wp-content\/uploads\/2025\/12\/Mockup-Livro-216-SAN6-600x600.png 600w, https:\/\/www.dommodesto.com.br\/wp-content\/uploads\/2025\/12\/Mockup-Livro-216-SAN6-100x100.png 100w, https:\/\/www.dommodesto.com.br\/wp-content\/uploads\/2025\/12\/Mockup-Livro-216-SAN6.png 1080w\" sizes=\"(max-width: 500px) 100vw, 500px\" \/><h2 class=\"woocommerce-loop-product__title\">Vulnerabilidade clim\u00e1tica em perspectiva: um olhar desde o territ\u00f3rio. Volume III: contexto das perdas humanas<\/h2>\n\t<span class=\"price\"><span class=\"woocommerce-Price-amount amount\"><bdi><span class=\"woocommerce-Price-currencySymbol\">&#82;&#36;<\/span>0,00<\/bdi><\/span><\/span>\n<\/a><a href=\"\/en\/wp-json\/wp\/v2\/pages\/2784?add-to-cart=68909\" aria-describedby=\"woocommerce_loop_add_to_cart_link_describedby_68909\" data-quantity=\"1\" class=\"button product_type_simple add_to_cart_button ajax_add_to_cart\" data-product_id=\"68909\" data-product_sku=\"\" aria-label=\"Add to cart: \u201cVulnerabilidade clim\u00e1tica em perspectiva: um olhar desde o territ\u00f3rio. Volume III: contexto das perdas humanas\u201d\" rel=\"nofollow\" data-success_message=\"\u201cVulnerabilidade clim\u00e1tica em perspectiva: um olhar desde o territ\u00f3rio. Volume III: contexto das perdas humanas\u201d has been added to your cart\" data-no-translation=\"\" data-trp-gettext=\"\" data-no-translation-aria-label=\"\" data-no-translation-data-success_message=\"\">Add to cart<\/a>\t<span id=\"woocommerce_loop_add_to_cart_link_describedby_68909\" class=\"screen-reader-text\">\n\t\t\t<\/span>\n<\/li>\n<li class=\"align-center box-shadow-1 box-shadow-3-hover ast-product-gallery-layout-horizontal ast-product-gallery-with-no-image ast-product-tabs-layout-horizontal product type-product post-68907 status-publish instock product_cat-ciencias-sociais-aplicadas has-post-thumbnail downloadable virtual sold-individually purchasable product-type-simple\">\n\t<a href=\"https:\/\/www.dommodesto.com.br\/en\/product\/vulnerabilidade-climatica-em-perspectiva-um-olhar-desde-o-territorio-volume-ii-contexto-das-perdas-materiais\/\" class=\"woocommerce-LoopProduct-link woocommerce-loop-product__link\"><img loading=\"lazy\" decoding=\"async\" width=\"500\" height=\"500\" src=\"https:\/\/www.dommodesto.com.br\/wp-content\/uploads\/2025\/12\/Mockup-Livro-215-SAN5-500x500.png\" class=\"attachment-woocommerce_thumbnail size-woocommerce_thumbnail\" alt=\"Vulnerabilidade clim\u00e1tica em perspectiva: um olhar desde o territ\u00f3rio. Volume II: contexto das perdas materiais\" srcset=\"https:\/\/www.dommodesto.com.br\/wp-content\/uploads\/2025\/12\/Mockup-Livro-215-SAN5-500x500.png 500w, https:\/\/www.dommodesto.com.br\/wp-content\/uploads\/2025\/12\/Mockup-Livro-215-SAN5-300x300.png 300w, https:\/\/www.dommodesto.com.br\/wp-content\/uploads\/2025\/12\/Mockup-Livro-215-SAN5-1024x1024.png 1024w, https:\/\/www.dommodesto.com.br\/wp-content\/uploads\/2025\/12\/Mockup-Livro-215-SAN5-150x150.png 150w, https:\/\/www.dommodesto.com.br\/wp-content\/uploads\/2025\/12\/Mockup-Livro-215-SAN5-768x768.png 768w, https:\/\/www.dommodesto.com.br\/wp-content\/uploads\/2025\/12\/Mockup-Livro-215-SAN5-12x12.png 12w, https:\/\/www.dommodesto.com.br\/wp-content\/uploads\/2025\/12\/Mockup-Livro-215-SAN5-600x600.png 600w, https:\/\/www.dommodesto.com.br\/wp-content\/uploads\/2025\/12\/Mockup-Livro-215-SAN5-100x100.png 100w, https:\/\/www.dommodesto.com.br\/wp-content\/uploads\/2025\/12\/Mockup-Livro-215-SAN5.png 1080w\" sizes=\"(max-width: 500px) 100vw, 500px\" \/><h2 class=\"woocommerce-loop-product__title\">Vulnerabilidade clim\u00e1tica em perspectiva: um olhar desde o territ\u00f3rio. Volume II: contexto das perdas materiais<\/h2>\n\t<span class=\"price\"><span class=\"woocommerce-Price-amount amount\"><bdi><span class=\"woocommerce-Price-currencySymbol\">&#82;&#36;<\/span>0,00<\/bdi><\/span><\/span>\n<\/a><a href=\"\/en\/wp-json\/wp\/v2\/pages\/2784?add-to-cart=68907\" aria-describedby=\"woocommerce_loop_add_to_cart_link_describedby_68907\" data-quantity=\"1\" class=\"button product_type_simple add_to_cart_button ajax_add_to_cart\" data-product_id=\"68907\" data-product_sku=\"\" aria-label=\"Add to cart: \u201cVulnerabilidade clim\u00e1tica em perspectiva: um olhar desde o territ\u00f3rio. Volume II: contexto das perdas materiais\u201d\" rel=\"nofollow\" data-success_message=\"\u201cVulnerabilidade clim\u00e1tica em perspectiva: um olhar desde o territ\u00f3rio. Volume II: contexto das perdas materiais\u201d has been added to your cart\" data-no-translation=\"\" data-trp-gettext=\"\" data-no-translation-aria-label=\"\" data-no-translation-data-success_message=\"\">Add to cart<\/a>\t<span id=\"woocommerce_loop_add_to_cart_link_describedby_68907\" class=\"screen-reader-text\">\n\t\t\t<\/span>\n<\/li>\n<li class=\"align-center box-shadow-1 box-shadow-3-hover ast-product-gallery-layout-horizontal ast-product-gallery-with-no-image ast-product-tabs-layout-horizontal product type-product post-68855 status-publish last instock product_cat-ciencias-sociais-aplicadas has-post-thumbnail downloadable virtual sold-individually purchasable product-type-simple\">\n\t<a href=\"https:\/\/www.dommodesto.com.br\/en\/product\/colecao-ruptura-ensaios-sobre-desafios-socioambientais-e-climaticos-do-seculo-xxi-vol-ii\/\" class=\"woocommerce-LoopProduct-link woocommerce-loop-product__link\"><img loading=\"lazy\" decoding=\"async\" width=\"500\" height=\"500\" src=\"https:\/\/www.dommodesto.com.br\/wp-content\/uploads\/2025\/12\/Mockup-Livro-201-RPT2-1-500x500.png\" class=\"attachment-woocommerce_thumbnail size-woocommerce_thumbnail\" alt=\"Cole\u00e7\u00e3o Ruptura: ensaios sobre desafios socioambientais e clim\u00e1ticos do s\u00e9culo XXI \u2013 vol. II\" srcset=\"https:\/\/www.dommodesto.com.br\/wp-content\/uploads\/2025\/12\/Mockup-Livro-201-RPT2-1-500x500.png 500w, https:\/\/www.dommodesto.com.br\/wp-content\/uploads\/2025\/12\/Mockup-Livro-201-RPT2-1-300x300.png 300w, https:\/\/www.dommodesto.com.br\/wp-content\/uploads\/2025\/12\/Mockup-Livro-201-RPT2-1-1024x1024.png 1024w, https:\/\/www.dommodesto.com.br\/wp-content\/uploads\/2025\/12\/Mockup-Livro-201-RPT2-1-150x150.png 150w, https:\/\/www.dommodesto.com.br\/wp-content\/uploads\/2025\/12\/Mockup-Livro-201-RPT2-1-768x768.png 768w, https:\/\/www.dommodesto.com.br\/wp-content\/uploads\/2025\/12\/Mockup-Livro-201-RPT2-1-12x12.png 12w, https:\/\/www.dommodesto.com.br\/wp-content\/uploads\/2025\/12\/Mockup-Livro-201-RPT2-1-600x600.png 600w, https:\/\/www.dommodesto.com.br\/wp-content\/uploads\/2025\/12\/Mockup-Livro-201-RPT2-1-100x100.png 100w, https:\/\/www.dommodesto.com.br\/wp-content\/uploads\/2025\/12\/Mockup-Livro-201-RPT2-1.png 1080w\" sizes=\"(max-width: 500px) 100vw, 500px\" \/><h2 class=\"woocommerce-loop-product__title\">Cole\u00e7\u00e3o Ruptura: ensaios sobre desafios socioambientais e clim\u00e1ticos do s\u00e9culo XXI \u2013 vol. II<\/h2>\n\t<span class=\"price\"><span class=\"woocommerce-Price-amount amount\"><bdi><span class=\"woocommerce-Price-currencySymbol\">&#82;&#36;<\/span>0,00<\/bdi><\/span><\/span>\n<\/a><a href=\"\/en\/wp-json\/wp\/v2\/pages\/2784?add-to-cart=68855\" aria-describedby=\"woocommerce_loop_add_to_cart_link_describedby_68855\" data-quantity=\"1\" class=\"button product_type_simple add_to_cart_button ajax_add_to_cart\" data-product_id=\"68855\" data-product_sku=\"\" aria-label=\"Add to cart: \u201cCole\u00e7\u00e3o Ruptura: ensaios sobre desafios socioambientais e clim\u00e1ticos do s\u00e9culo XXI \u2013 vol. II\u201d\" rel=\"nofollow\" data-success_message=\"\u201cCole\u00e7\u00e3o Ruptura: ensaios sobre desafios socioambientais e clim\u00e1ticos do s\u00e9culo XXI \u2013 vol. II\u201d has been added to your cart\" data-no-translation=\"\" data-trp-gettext=\"\" data-no-translation-aria-label=\"\" data-no-translation-data-success_message=\"\">Add to cart<\/a>\t<span id=\"woocommerce_loop_add_to_cart_link_describedby_68855\" class=\"screen-reader-text\">\n\t\t\t<\/span>\n<\/li>\n<li class=\"align-center box-shadow-1 box-shadow-3-hover ast-product-gallery-layout-horizontal ast-product-gallery-with-no-image ast-product-tabs-layout-horizontal product type-product post-68847 status-publish first instock product_cat-ciencias-sociais-aplicadas has-post-thumbnail downloadable virtual sold-individually purchasable product-type-simple\">\n\t<a href=\"https:\/\/www.dommodesto.com.br\/en\/product\/direito-tecnologia-e-inovacao\/\" class=\"woocommerce-LoopProduct-link woocommerce-loop-product__link\"><img loading=\"lazy\" decoding=\"async\" width=\"500\" height=\"500\" src=\"https:\/\/www.dommodesto.com.br\/wp-content\/uploads\/2025\/12\/Mockup-Livro-212-WIL1-ebook-500x500.png\" class=\"attachment-woocommerce_thumbnail size-woocommerce_thumbnail\" alt=\"Direito, tecnologia e inova\u00e7\u00e3o\" srcset=\"https:\/\/www.dommodesto.com.br\/wp-content\/uploads\/2025\/12\/Mockup-Livro-212-WIL1-ebook-500x500.png 500w, https:\/\/www.dommodesto.com.br\/wp-content\/uploads\/2025\/12\/Mockup-Livro-212-WIL1-ebook-300x300.png 300w, https:\/\/www.dommodesto.com.br\/wp-content\/uploads\/2025\/12\/Mockup-Livro-212-WIL1-ebook-1024x1024.png 1024w, https:\/\/www.dommodesto.com.br\/wp-content\/uploads\/2025\/12\/Mockup-Livro-212-WIL1-ebook-150x150.png 150w, https:\/\/www.dommodesto.com.br\/wp-content\/uploads\/2025\/12\/Mockup-Livro-212-WIL1-ebook-768x768.png 768w, https:\/\/www.dommodesto.com.br\/wp-content\/uploads\/2025\/12\/Mockup-Livro-212-WIL1-ebook-12x12.png 12w, https:\/\/www.dommodesto.com.br\/wp-content\/uploads\/2025\/12\/Mockup-Livro-212-WIL1-ebook-600x600.png 600w, https:\/\/www.dommodesto.com.br\/wp-content\/uploads\/2025\/12\/Mockup-Livro-212-WIL1-ebook-100x100.png 100w, https:\/\/www.dommodesto.com.br\/wp-content\/uploads\/2025\/12\/Mockup-Livro-212-WIL1-ebook.png 1080w\" sizes=\"(max-width: 500px) 100vw, 500px\" \/><h2 class=\"woocommerce-loop-product__title\">Direito, tecnologia e inova\u00e7\u00e3o<\/h2>\n\t<span class=\"price\"><span class=\"woocommerce-Price-amount amount\"><bdi><span class=\"woocommerce-Price-currencySymbol\">&#82;&#36;<\/span>0,00<\/bdi><\/span><\/span>\n<\/a><a href=\"\/en\/wp-json\/wp\/v2\/pages\/2784?add-to-cart=68847\" aria-describedby=\"woocommerce_loop_add_to_cart_link_describedby_68847\" data-quantity=\"1\" class=\"button product_type_simple add_to_cart_button ajax_add_to_cart\" data-product_id=\"68847\" data-product_sku=\"\" aria-label=\"Add to cart: \u201cDireito, tecnologia e inova\u00e7\u00e3o\u201d\" rel=\"nofollow\" data-success_message=\"\u201cDireito, tecnologia e inova\u00e7\u00e3o\u201d has been added to your cart\" data-no-translation=\"\" data-trp-gettext=\"\" data-no-translation-aria-label=\"\" data-no-translation-data-success_message=\"\">Add to cart<\/a>\t<span id=\"woocommerce_loop_add_to_cart_link_describedby_68847\" class=\"screen-reader-text\">\n\t\t\t<\/span>\n<\/li>\n<li class=\"align-center box-shadow-1 box-shadow-3-hover ast-product-gallery-layout-horizontal ast-product-gallery-with-no-image ast-product-tabs-layout-horizontal product type-product post-68832 status-publish instock product_cat-sem-categoria has-post-thumbnail downloadable virtual sold-individually purchasable product-type-simple\">\n\t<a href=\"https:\/\/www.dommodesto.com.br\/en\/product\/do-direito-a-nao-agrointoxicacao-ao-direito-a-soberania-alimentar-o-caso-da-polifeira-de-santa-maria-rs-como-exemplo-para-a-aplicacao-da-teoria-do-comunitarismo-responsivo-no-brasil\/\" class=\"woocommerce-LoopProduct-link woocommerce-loop-product__link\"><img loading=\"lazy\" decoding=\"async\" width=\"500\" height=\"500\" src=\"https:\/\/www.dommodesto.com.br\/wp-content\/uploads\/2025\/12\/Mockup-Livro-174-FII2-3-500x500.png\" class=\"attachment-woocommerce_thumbnail size-woocommerce_thumbnail\" alt=\"Do direito a n\u00e3o agrointoxica\u00e7\u00e3o ao direito \u00e0 soberania alimentar: o caso da Polifeira de Santa Maria\/RS como exemplo para a aplica\u00e7\u00e3o da Teoria do Comunitarismo Responsivo no Brasil\" srcset=\"https:\/\/www.dommodesto.com.br\/wp-content\/uploads\/2025\/12\/Mockup-Livro-174-FII2-3-500x500.png 500w, https:\/\/www.dommodesto.com.br\/wp-content\/uploads\/2025\/12\/Mockup-Livro-174-FII2-3-300x300.png 300w, https:\/\/www.dommodesto.com.br\/wp-content\/uploads\/2025\/12\/Mockup-Livro-174-FII2-3-1024x1024.png 1024w, https:\/\/www.dommodesto.com.br\/wp-content\/uploads\/2025\/12\/Mockup-Livro-174-FII2-3-150x150.png 150w, https:\/\/www.dommodesto.com.br\/wp-content\/uploads\/2025\/12\/Mockup-Livro-174-FII2-3-768x768.png 768w, https:\/\/www.dommodesto.com.br\/wp-content\/uploads\/2025\/12\/Mockup-Livro-174-FII2-3-12x12.png 12w, https:\/\/www.dommodesto.com.br\/wp-content\/uploads\/2025\/12\/Mockup-Livro-174-FII2-3-600x600.png 600w, https:\/\/www.dommodesto.com.br\/wp-content\/uploads\/2025\/12\/Mockup-Livro-174-FII2-3-100x100.png 100w, https:\/\/www.dommodesto.com.br\/wp-content\/uploads\/2025\/12\/Mockup-Livro-174-FII2-3.png 1080w\" sizes=\"(max-width: 500px) 100vw, 500px\" \/><h2 class=\"woocommerce-loop-product__title\">Do direito a n\u00e3o agrointoxica\u00e7\u00e3o ao direito \u00e0 soberania alimentar: o caso da Polifeira de Santa Maria\/RS como exemplo para a aplica\u00e7\u00e3o da Teoria do Comunitarismo Responsivo no Brasil<\/h2>\n\t<span class=\"price\"><span class=\"woocommerce-Price-amount amount\"><bdi><span class=\"woocommerce-Price-currencySymbol\">&#82;&#36;<\/span>9,90<\/bdi><\/span><\/span>\n<\/a><a href=\"\/en\/wp-json\/wp\/v2\/pages\/2784?add-to-cart=68832\" aria-describedby=\"woocommerce_loop_add_to_cart_link_describedby_68832\" data-quantity=\"1\" class=\"button product_type_simple add_to_cart_button ajax_add_to_cart\" data-product_id=\"68832\" data-product_sku=\"\" aria-label=\"Add to cart: \u201cDo direito a n\u00e3o agrointoxica\u00e7\u00e3o ao direito \u00e0 soberania alimentar: o caso da Polifeira de Santa Maria\/RS como exemplo para a aplica\u00e7\u00e3o da Teoria do Comunitarismo Responsivo no Brasil\u201d\" rel=\"nofollow\" data-success_message=\"\u201cDo direito a n\u00e3o agrointoxica\u00e7\u00e3o ao direito \u00e0 soberania alimentar: o caso da Polifeira de Santa Maria\/RS como exemplo para a aplica\u00e7\u00e3o da Teoria do Comunitarismo Responsivo no Brasil\u201d has been added to your cart\" data-no-translation=\"\" data-trp-gettext=\"\" data-no-translation-aria-label=\"\" data-no-translation-data-success_message=\"\">Add to cart<\/a>\t<span id=\"woocommerce_loop_add_to_cart_link_describedby_68832\" class=\"screen-reader-text\">\n\t\t\t<\/span>\n<\/li>\n<li class=\"align-center box-shadow-1 box-shadow-3-hover ast-product-gallery-layout-horizontal ast-product-gallery-with-no-image ast-product-tabs-layout-horizontal product type-product post-69106 status-publish last instock product_cat-sem-categoria has-post-thumbnail downloadable virtual sold-individually purchasable product-type-simple\">\n\t<a href=\"https:\/\/www.dommodesto.com.br\/en\/product\/brique-de-experiencias-pedagogicas-aprendendo-com-pares-qualificando-a-educacao\/\" class=\"woocommerce-LoopProduct-link woocommerce-loop-product__link\"><img loading=\"lazy\" decoding=\"async\" width=\"500\" height=\"500\" src=\"https:\/\/www.dommodesto.com.br\/wp-content\/uploads\/2025\/12\/Mockup-Livro-205-RRL1-500x500.png\" class=\"attachment-woocommerce_thumbnail size-woocommerce_thumbnail\" alt=\"Brique de experi\u00eancias pedag\u00f3gicas: aprendendo com pares, qualificando a educa\u00e7\u00e3o\" srcset=\"https:\/\/www.dommodesto.com.br\/wp-content\/uploads\/2025\/12\/Mockup-Livro-205-RRL1-500x500.png 500w, https:\/\/www.dommodesto.com.br\/wp-content\/uploads\/2025\/12\/Mockup-Livro-205-RRL1-300x300.png 300w, https:\/\/www.dommodesto.com.br\/wp-content\/uploads\/2025\/12\/Mockup-Livro-205-RRL1-1024x1024.png 1024w, https:\/\/www.dommodesto.com.br\/wp-content\/uploads\/2025\/12\/Mockup-Livro-205-RRL1-150x150.png 150w, https:\/\/www.dommodesto.com.br\/wp-content\/uploads\/2025\/12\/Mockup-Livro-205-RRL1-768x768.png 768w, https:\/\/www.dommodesto.com.br\/wp-content\/uploads\/2025\/12\/Mockup-Livro-205-RRL1-12x12.png 12w, https:\/\/www.dommodesto.com.br\/wp-content\/uploads\/2025\/12\/Mockup-Livro-205-RRL1-600x600.png 600w, https:\/\/www.dommodesto.com.br\/wp-content\/uploads\/2025\/12\/Mockup-Livro-205-RRL1-100x100.png 100w, https:\/\/www.dommodesto.com.br\/wp-content\/uploads\/2025\/12\/Mockup-Livro-205-RRL1.png 1080w\" sizes=\"(max-width: 500px) 100vw, 500px\" \/><h2 class=\"woocommerce-loop-product__title\">Brique de experi\u00eancias pedag\u00f3gicas: aprendendo com pares, qualificando a educa\u00e7\u00e3o<\/h2>\n\t<span class=\"price\"><span class=\"woocommerce-Price-amount amount\"><bdi><span class=\"woocommerce-Price-currencySymbol\">&#82;&#36;<\/span>0,00<\/bdi><\/span><\/span>\n<\/a><a href=\"\/en\/wp-json\/wp\/v2\/pages\/2784?add-to-cart=69106\" aria-describedby=\"woocommerce_loop_add_to_cart_link_describedby_69106\" data-quantity=\"1\" class=\"button product_type_simple add_to_cart_button ajax_add_to_cart\" data-product_id=\"69106\" data-product_sku=\"\" aria-label=\"Add to cart: \u201cBrique de experi\u00eancias pedag\u00f3gicas: aprendendo com pares, qualificando a educa\u00e7\u00e3o\u201d\" rel=\"nofollow\" data-success_message=\"\u201cBrique de experi\u00eancias pedag\u00f3gicas: aprendendo com pares, qualificando a educa\u00e7\u00e3o\u201d has been added to your cart\" data-no-translation=\"\" data-trp-gettext=\"\" data-no-translation-aria-label=\"\" data-no-translation-data-success_message=\"\">Add to cart<\/a>\t<span id=\"woocommerce_loop_add_to_cart_link_describedby_69106\" class=\"screen-reader-text\">\n\t\t\t<\/span>\n<\/li>\n<\/ul>\n<nav class=\"woocommerce-pagination\" aria-label=\"Product Pagination\" data-no-translation-aria-label=\"\">\n\t<ul class='page-numbers'>\n\t<li><span aria-label=\"Page 1\" aria-current=\"page\" class=\"page-numbers current\" data-no-translation-aria-label=\"\">1<\/span><\/li>\n\t<li><a aria-label=\"Page 2\" class=\"page-numbers\" href=\"\/en\/wp-json\/wp\/v2\/pages\/2784?product-page=2\" data-no-translation-aria-label=\"\">2<\/a><\/li>\n\t<li><a aria-label=\"Page 3\" class=\"page-numbers\" href=\"\/en\/wp-json\/wp\/v2\/pages\/2784?product-page=3\" data-no-translation-aria-label=\"\">3<\/a><\/li>\n\t<li><a aria-label=\"Page 4\" class=\"page-numbers\" href=\"\/en\/wp-json\/wp\/v2\/pages\/2784?product-page=4\" data-no-translation-aria-label=\"\">4<\/a><\/li>\n\t<li><span class=\"page-numbers dots\">&hellip;<\/span><\/li>\n\t<li><a aria-label=\"Page 9\" class=\"page-numbers\" href=\"\/en\/wp-json\/wp\/v2\/pages\/2784?product-page=9\" data-no-translation-aria-label=\"\">9<\/a><\/li>\n\t<li><a aria-label=\"Page 10\" class=\"page-numbers\" href=\"\/en\/wp-json\/wp\/v2\/pages\/2784?product-page=10\" data-no-translation-aria-label=\"\">10<\/a><\/li>\n\t<li><a aria-label=\"Page 11\" class=\"page-numbers\" href=\"\/en\/wp-json\/wp\/v2\/pages\/2784?product-page=11\" data-no-translation-aria-label=\"\">11<\/a><\/li>\n\t<li><a class=\"next page-numbers\" href=\"\/en\/wp-json\/wp\/v2\/pages\/2784?product-page=2\">&rarr;<\/a><\/li>\n<\/ul>\n<\/nav>\n<\/div>\t\t\t\t<\/div>\n\t\t\t\t<\/div>\n\t\t\t\t\t<\/div>\n\t\t<\/div>\n\t\t\t\t\t<\/div>\n\t\t<\/section>\n\t\t\t\t<\/div>","protected":false},"excerpt":{"rendered":"","protected":false},"author":1,"featured_media":0,"parent":0,"menu_order":0,"comment_status":"closed","ping_status":"closed","template":"","meta":{"_joinchat":[],"footnotes":""},"class_list":["post-2784","page","type-page","status-publish","hentry"],"_links":{"self":[{"href":"https:\/\/www.dommodesto.com.br\/en\/wp-json\/wp\/v2\/pages\/2784","targetHints":{"allow":["GET"]}}],"collection":[{"href":"https:\/\/www.dommodesto.com.br\/en\/wp-json\/wp\/v2\/pages"}],"about":[{"href":"https:\/\/www.dommodesto.com.br\/en\/wp-json\/wp\/v2\/types\/page"}],"author":[{"embeddable":true,"href":"https:\/\/www.dommodesto.com.br\/en\/wp-json\/wp\/v2\/users\/1"}],"replies":[{"embeddable":true,"href":"https:\/\/www.dommodesto.com.br\/en\/wp-json\/wp\/v2\/comments?post=2784"}],"version-history":[{"count":4,"href":"https:\/\/www.dommodesto.com.br\/en\/wp-json\/wp\/v2\/pages\/2784\/revisions"}],"predecessor-version":[{"id":13700,"href":"https:\/\/www.dommodesto.com.br\/en\/wp-json\/wp\/v2\/pages\/2784\/revisions\/13700"}],"wp:attachment":[{"href":"https:\/\/www.dommodesto.com.br\/en\/wp-json\/wp\/v2\/media?parent=2784"}],"curies":[{"name":"wp","href":"https:\/\/api.w.org\/{rel}","templated":true}]}}